{"id":4308,"date":"2021-02-14T23:11:58","date_gmt":"2021-02-14T23:11:58","guid":{"rendered":"https:\/\/www.webpetarda.si\/Ponudbe\/stube\/o-nama-copy\/"},"modified":"2021-02-19T16:50:58","modified_gmt":"2021-02-19T16:50:58","slug":"aktivnosti","status":"publish","type":"page","link":"https:\/\/www.hckl.si\/sl\/aktivnosti\/","title":{"rendered":"Dejavnosti"},"content":{"rendered":"<div data-elementor-type=\"wp-page\" data-elementor-id=\"4308\" class=\"elementor elementor-4308\" data-elementor-post-type=\"page\">\n\t\t\t\t\t\t<section class=\"elementor-section elementor-top-section elementor-element elementor-element-b017b53 elementor-section-boxed elementor-section-height-default elementor-section-height-default\" data-id=\"b017b53\" data-element_type=\"section\">\n\t\t\t\t\t\t<div class=\"elementor-container elementor-column-gap-default\">\n\t\t\t\t\t<div class=\"elementor-column elementor-col-100 elementor-top-column elementor-element elementor-element-71811f5\" data-id=\"71811f5\" data-element_type=\"column\">\n\t\t\t<div class=\"elementor-widget-wrap elementor-element-populated\">\n\t\t\t\t\t\t<div class=\"elementor-element elementor-element-affe645 elementor-widget elementor-widget-theme-post-title elementor-page-title elementor-widget-heading\" data-id=\"affe645\" data-element_type=\"widget\" data-widget_type=\"theme-post-title.default\">\n\t\t\t\t<div class=\"elementor-widget-container\">\n\t\t\t\t\t<h1 class=\"elementor-heading-title elementor-size-default\">Dejavnosti<\/h1>\t\t\t\t<\/div>\n\t\t\t\t<\/div>\n\t\t\t\t\t<\/div>\n\t\t<\/div>\n\t\t\t\t\t<\/div>\n\t\t<\/section>\n\t\t\t\t<section class=\"elementor-section elementor-top-section elementor-element elementor-element-d9484d9 elementor-section-boxed elementor-section-height-default elementor-section-height-default\" data-id=\"d9484d9\" data-element_type=\"section\">\n\t\t\t\t\t\t<div class=\"elementor-container elementor-column-gap-default\">\n\t\t\t\t\t<div class=\"elementor-column elementor-col-100 elementor-top-column elementor-element elementor-element-173ff63\" data-id=\"173ff63\" data-element_type=\"column\">\n\t\t\t<div class=\"elementor-widget-wrap elementor-element-populated\">\n\t\t\t\t\t\t<div class=\"elementor-element elementor-element-e6deb29 elementor-posts--thumbnail-none elementor-grid-3 elementor-grid-tablet-2 elementor-grid-mobile-1 elementor-card-shadow-yes elementor-posts__hover-gradient elementor-widget elementor-widget-posts\" data-id=\"e6deb29\" data-element_type=\"widget\" data-settings=\"{&quot;cards_row_gap&quot;:{&quot;unit&quot;:&quot;px&quot;,&quot;size&quot;:34,&quot;sizes&quot;:[]},&quot;cards_columns&quot;:&quot;3&quot;,&quot;cards_columns_tablet&quot;:&quot;2&quot;,&quot;cards_columns_mobile&quot;:&quot;1&quot;,&quot;cards_row_gap_tablet&quot;:{&quot;unit&quot;:&quot;px&quot;,&quot;size&quot;:&quot;&quot;,&quot;sizes&quot;:[]},&quot;cards_row_gap_mobile&quot;:{&quot;unit&quot;:&quot;px&quot;,&quot;size&quot;:&quot;&quot;,&quot;sizes&quot;:[]}}\" data-widget_type=\"posts.cards\">\n\t\t\t\t<div class=\"elementor-widget-container\">\n\t\t\t\t\t\t\t<div class=\"elementor-posts-container elementor-posts elementor-posts--skin-cards elementor-grid\" role=\"list\">\n\t\t\t\t<article class=\"elementor-post elementor-grid-item post-4654 post type-post status-publish format-standard hentry category-aktivnosti category-novice\" role=\"listitem\">\n\t\t\t<div class=\"elementor-post__card\">\n\t\t\t\t<div class=\"elementor-post__text\">\n\t\t\t\t<h2 class=\"elementor-post__title\">\n\t\t\t<a href=\"https:\/\/www.hckl.si\/sl\/25-godina-knjige-hrvati-u-sloveniji\/\" >\n\t\t\t\tZnanstveni skup Hrvati v Sloveniji\t\t\t<\/a>\n\t\t<\/h2>\n\t\t\t\t<div class=\"elementor-post__excerpt\">\n\t\t\t<p>Hrvatski centar kulture Ljubljana\u00a0 je 15.rujna.2021. organizirao Tribinu i znanstveno savjetovanje \u201eHrvati u Sloveniji\u201c u Novem mestu. Povod za organizaciju je obilje\u017eavanje 30 godina samostalnosti Republike Hrvatske i Republike Slovenije i 25 godina od znanstvenog<\/p>\n\t\t<\/div>\n\t\t\n\t\t<a class=\"elementor-post__read-more\" href=\"https:\/\/www.hckl.si\/sl\/25-godina-knjige-hrvati-u-sloveniji\/\" aria-label=\"Read more about Znanstveni skup Hrvati u Sloveniji\" tabindex=\"-1\" >\n\t\t\tPreberi ve\u010d\t\t<\/a>\n\n\t\t\t\t<\/div>\n\t\t\t\t\t<\/div>\n\t\t<\/article>\n\t\t\t\t<article class=\"elementor-post elementor-grid-item post-4580 post type-post status-publish format-standard hentry category-aktivnosti category-novice\" role=\"listitem\">\n\t\t\t<div class=\"elementor-post__card\">\n\t\t\t\t<div class=\"elementor-post__text\">\n\t\t\t\t<h2 class=\"elementor-post__title\">\n\t\t\t<a href=\"https:\/\/www.hckl.si\/sl\/donatorska-akcija\/\" >\n\t\t\t\tDONATORSKE AKTIVNOSTI\t\t\t<\/a>\n\t\t<\/h2>\n\t\t\t\t<div class=\"elementor-post__excerpt\">\n\t\t\t<p>DHCK Ljubljana priprema donatorsku akciju prikupljanja umjetni\u010dkih djela slovenskih i hrvatskih umjetnika, fotografa i slikara. Akcija \u0107e trajati do travnja, a\u00a0 aukcija \u0107e biti u svibnju 2021. u Ljubljani. Pozivamo sve ljude dobre volje i<\/p>\n\t\t<\/div>\n\t\t\n\t\t<a class=\"elementor-post__read-more\" href=\"https:\/\/www.hckl.si\/sl\/donatorska-akcija\/\" aria-label=\"Read more about DONATORSKA AKCIJA\" tabindex=\"-1\" >\n\t\t\tPreberi ve\u010d\t\t<\/a>\n\n\t\t\t\t<\/div>\n\t\t\t\t\t<\/div>\n\t\t<\/article>\n\t\t\t\t<article class=\"elementor-post elementor-grid-item post-4284 post type-post status-publish format-standard has-post-thumbnail hentry category-aktivnosti\" role=\"listitem\">\n\t\t\t<div class=\"elementor-post__card\">\n\t\t\t\t<div class=\"elementor-post__text\">\n\t\t\t\t<h2 class=\"elementor-post__title\">\n\t\t\t<a href=\"https:\/\/www.hckl.si\/sl\/recital-citanje\/\" >\n\t\t\t\tRECITAL\/BRANJE\t\t\t<\/a>\n\t\t<\/h2>\n\t\t\t\t<div class=\"elementor-post__excerpt\">\n\t\t\t<p>Dru\u0161tvo HCKL za 16. ali 23. oktober 2021. pripravlja kulturni dogodek ve\u010d vsebinskega zna\u010daja \u00bbPovezuje nas bogastvo in lepota besed\u00ab. Sodelovali bi pesniki in glasbeniki iz HKDM Velenje, pevska skupina \"Fijolice\" \u010dlan HKUD Ivan Car, Trebanjski oktet<\/p>\n\t\t<\/div>\n\t\t\n\t\t<a class=\"elementor-post__read-more\" href=\"https:\/\/www.hckl.si\/sl\/recital-citanje\/\" aria-label=\"Read more about RECITAL\/\u010cITANJE\" tabindex=\"-1\" >\n\t\t\tPreberi ve\u010d\t\t<\/a>\n\n\t\t\t\t<\/div>\n\t\t\t\t\t<\/div>\n\t\t<\/article>\n\t\t\t\t<article class=\"elementor-post elementor-grid-item post-4292 post type-post status-publish format-standard hentry category-aktivnosti\" role=\"listitem\">\n\t\t\t<div class=\"elementor-post__card\">\n\t\t\t\t<div class=\"elementor-post__text\">\n\t\t\t\t<h2 class=\"elementor-post__title\">\n\t\t\t<a href=\"https:\/\/www.hckl.si\/sl\/dopunska-nastava-hrvatskog-jezika\/\" >\n\t\t\t\tDOPOLNILNO U\u010cENJE HRVA\u0160KEGA JEZIKA\t\t\t<\/a>\n\t\t<\/h2>\n\t\t\t\t<div class=\"elementor-post__excerpt\">\n\t\t\t<p>Ustanovitev DHCKL v Ljubljani odpira se dodatna mo\u017enost u\u010denja in negovanja hrva\u0161kega jezika. V sezoni 2021\/22 nameravamo organizirati v dogovoru s prof. Vesna Hrdli\u010dka Bergelj te\u010daji za otroke in odrasle.<\/p>\n\t\t<\/div>\n\t\t\n\t\t<a class=\"elementor-post__read-more\" href=\"https:\/\/www.hckl.si\/sl\/dopunska-nastava-hrvatskog-jezika\/\" aria-label=\"Read more about DOPUNSKA NASTAVA HRVATSKOG JEZIKA\" tabindex=\"-1\" >\n\t\t\tPreberi ve\u010d\t\t<\/a>\n\n\t\t\t\t<\/div>\n\t\t\t\t\t<\/div>\n\t\t<\/article>\n\t\t\t\t<article class=\"elementor-post elementor-grid-item post-4288 post type-post status-publish format-standard hentry category-aktivnosti\" role=\"listitem\">\n\t\t\t<div class=\"elementor-post__card\">\n\t\t\t\t<div class=\"elementor-post__text\">\n\t\t\t\t<h2 class=\"elementor-post__title\">\n\t\t\t<a href=\"https:\/\/www.hckl.si\/sl\/glazba-folklor\/\" >\n\t\t\t\tGLASBA\/FOLKLORA\t\t\t<\/a>\n\t\t<\/h2>\n\t\t\t\t<div class=\"elementor-post__excerpt\">\n\t\t\t<p>Ena pomembnej\u0161ih dejavnosti DHCKL je organizacija koncertov uglednih izvajalcev s Hrva\u0161ke in Slovenije.\nLetos na\u010drtujemo \u0161tiri prireditve: Koncerte Kvarteta Sorko\u010devi\u0107 iz Dubrovnika \u010clanI kvarteta: Slobodan Begi\u0107- violina-umetni\u0161ki vodjaj\u0110ive Ku\u0161elj-flavtaNena \u0106orak-klavirDenis Ajdukovi\u0107-kontrabas Kvartet<\/p>\n\t\t<\/div>\n\t\t\n\t\t<a class=\"elementor-post__read-more\" href=\"https:\/\/www.hckl.si\/sl\/glazba-folklor\/\" aria-label=\"Read more about GLAZBA \/ FOLKLOR\" tabindex=\"-1\" >\n\t\t\tPreberi ve\u010d\t\t<\/a>\n\n\t\t\t\t<\/div>\n\t\t\t\t\t<\/div>\n\t\t<\/article>\n\t\t\t\t<article class=\"elementor-post elementor-grid-item post-4283 post type-post status-publish format-standard hentry category-aktivnosti\" role=\"listitem\">\n\t\t\t<div class=\"elementor-post__card\">\n\t\t\t\t<div class=\"elementor-post__text\">\n\t\t\t\t<h2 class=\"elementor-post__title\">\n\t\t\t<a href=\"https:\/\/www.hckl.si\/sl\/knjiznica\/\" >\n\t\t\t\tKNJI\u017dNICA\t\t\t<\/a>\n\t\t<\/h2>\n\t\t\t\t<div class=\"elementor-post__excerpt\">\n\t\t\t<p>V sodelovanju s Karlova\u0161ko knji\u017enico odpiramo koti\u010dke v Novem mestu, Grosupljem in Ljubljani. Knji\u017enice bodo mesta za sre\u010danja, dru\u017eenje in izmenjavo vtisov o prebranih knjigah. Organizirali bodo lahko tudi literarni ve\u010deri, posve\u010dene<\/p>\n\t\t<\/div>\n\t\t\n\t\t<a class=\"elementor-post__read-more\" href=\"https:\/\/www.hckl.si\/sl\/knjiznica\/\" aria-label=\"Read more about KNJI\u017dNICA\" tabindex=\"-1\" >\n\t\t\tPreberi ve\u010d\t\t<\/a>\n\n\t\t\t\t<\/div>\n\t\t\t\t\t<\/div>\n\t\t<\/article>\n\t\t\t\t<\/div>\n\t\t\n\t\t\t\t\t\t<\/div>\n\t\t\t\t<\/div>\n\t\t\t\t\t<\/div>\n\t\t<\/div>\n\t\t\t\t\t<\/div>\n\t\t<\/section>\n\t\t\t\t<\/div>","protected":false},"excerpt":{"rendered":"","protected":false},"author":1,"featured_media":0,"parent":0,"menu_order":0,"comment_status":"closed","ping_status":"closed","template":"","meta":{"footnotes":""},"class_list":["post-4308","page","type-page","status-publish","hentry"],"_links":{"self":[{"href":"https:\/\/www.hckl.si\/sl\/wp-json\/wp\/v2\/pages\/4308","targetHints":{"allow":["GET"]}}],"collection":[{"href":"https:\/\/www.hckl.si\/sl\/wp-json\/wp\/v2\/pages"}],"about":[{"href":"https:\/\/www.hckl.si\/sl\/wp-json\/wp\/v2\/types\/page"}],"author":[{"embeddable":true,"href":"https:\/\/www.hckl.si\/sl\/wp-json\/wp\/v2\/users\/1"}],"replies":[{"embeddable":true,"href":"https:\/\/www.hckl.si\/sl\/wp-json\/wp\/v2\/comments?post=4308"}],"version-history":[{"count":3,"href":"https:\/\/www.hckl.si\/sl\/wp-json\/wp\/v2\/pages\/4308\/revisions"}],"predecessor-version":[{"id":4759,"href":"https:\/\/www.hckl.si\/sl\/wp-json\/wp\/v2\/pages\/4308\/revisions\/4759"}],"wp:attachment":[{"href":"https:\/\/www.hckl.si\/sl\/wp-json\/wp\/v2\/media?parent=4308"}],"curies":[{"name":"wp","href":"https:\/\/api.w.org\/{rel}","templated":true}]}}